{"id":845,"date":"2022-11-28T02:16:33","date_gmt":"2022-11-28T02:16:33","guid":{"rendered":"https:\/\/smart-energy-engineering.ch\/?page_id=845"},"modified":"2026-02-15T16:45:44","modified_gmt":"2026-02-15T16:45:44","slug":"aktuell","status":"publish","type":"page","link":"https:\/\/smart-energy-engineering.ch\/","title":{"rendered":"Aktuell"},"content":{"rendered":"\n<p><strong>Checkliste Eigenverbrauchsmanager<\/strong><\/p>\n\n\n\n<p><a rel=\"noreferrer noopener\" href=\"https:\/\/docs.google.com\/forms\/d\/e\/1FAIpQLSei8_0Acb48CUyeVXPBPfVvw0hxoLMJZ6s194rpmIgtPv9zLQ\/viewform?usp=publish-editor\" target=\"_blank\">F\u00fcllen Sie diese Checkliste aus, um ein Angebot zu erhalten<\/a><\/p>\n\n\n\n<p><a href=\"https:\/\/smart-energy-engineering.ch\/?page_id=1425\" target=\"_blank\" rel=\"noreferrer noopener\">Zu Smart Energy Home f\u00fcr Einfamilienh\u00e4user<\/a><\/p>\n\n\n\n<p><a href=\"https:\/\/smart-energy-engineering.ch\/?page_id=1428\" target=\"_blank\" rel=\"noreferrer noopener\">Zu Smart Energy Professional f\u00fcr Mehrfamilienh\u00e4user<\/a><\/p>\n\n\n\n<p><strong>Maturaarbeit zu dynamischen Stromtarifen<\/strong><\/p>\n\n\n\n<p>In der Maturaarbeit von Janno Siegenthaler wurde untersucht, wie sich die dynamischen Stromtarife auf die Wirtschaftlichkeit von Energiemanagementsystemen auswirken:<\/p>\n\n\n\n<div data-wp-interactive=\"core\/file\" class=\"wp-block-file\"><object data-wp-bind--hidden=\"!state.hasPdfPreview\" hidden class=\"wp-block-file__embed\" data=\"https:\/\/smart-energy-engineering.ch\/wp-content\/uploads\/2025\/11\/KSWE_MA_2025_Siegenthaler_Janno_Dynamische-Strompreise-Schweiz-1.pdf\" type=\"application\/pdf\" style=\"width:100%;height:600px\" aria-label=\"Einbettung von KSWE_MA_2025_Siegenthaler_Janno_Dynamische Strompreise Schweiz-1.\"><\/object><a id=\"wp-block-file--media-19089717-75c4-47bf-956d-fd4c0e9ef4c1\" href=\"https:\/\/smart-energy-engineering.ch\/wp-content\/uploads\/2025\/11\/KSWE_MA_2025_Siegenthaler_Janno_Dynamische-Strompreise-Schweiz-1.pdf\">KSWE_MA_2025_Siegenthaler_Janno_Dynamische Strompreise Schweiz-1<\/a><\/div>\n\n\n\n<p>Dabei konnte gezeigt werden, dass in einem zukunftsorientiertes Einfamilienhaus mit Photovoltaikanlage, W\u00e4rmepumpe, Batterie und Elektroauto eine <strong>Amortisationszeit von ungef\u00e4hr einem Jahr<\/strong> erreicht wird.<\/p>\n\n\n\n<p><strong>Eigenverbrauchsmanager<\/strong><\/p>\n\n\n\n<p>Als Pioniere der Eigenverbrauchsoptimierung sind wir schon seit \u00fcber 10 Jahren aktiv. Profitieren Sie von unserem Know-How bei der Einbindung von Photovoltaikanlagen, W\u00e4rmepumpen, Thermomanagement von Geb\u00e4uden, intelligenten Ladel\u00f6sungen f\u00fcr Elektrofahrzeuge und der Optimierung nach dynamischen Tarifen. <a rel=\"noreferrer noopener\" href=\"https:\/\/smart-energy-engineering.ch\/?page_id=150\" target=\"_blank\">Hier<\/a> erfahren Sie mehr zum Produkt des Eigenverbrauchsmanagers und unserem kompletten Engineering-Angebot f\u00fcr die Systemintegration.<\/p>\n\n\n\n<figure class=\"wp-block-image size-full is-resized\"><a href=\"smartgridready.ch\"><img loading=\"lazy\" decoding=\"async\" src=\"https:\/\/smart-energy-engineering.ch\/wp-content\/uploads\/2025\/10\/image-52.png\" alt=\"\" class=\"wp-image-1545\" width=\"188\" height=\"106\"\/><\/a><\/figure>\n\n\n\n<p>Dank der Deklaration des Eigenverbrauchsmanagers als <strong>SmartGridready<\/strong>&#8211;<strong>Produkt<\/strong> ist dieser bereit f\u00fcr das Stromnetz der Zukunft:<br><a rel=\"noreferrer noopener\" href=\"https:\/\/library.smartgridready.ch\/SGr_00_mmmm_dddd_SEE_EVM_RestAPILocal_V1.0.xml?viewDevice\" target=\"_blank\">Zur SmartGridready-Produktdeklaration<\/a><\/p>\n\n\n\n<p>Dank der vollst\u00e4ndigen Integration als <strong>SmartGridready Communicator<\/strong>  k\u00f6nnen alle heutigen und zuk\u00fcnftigen SmartGridready-Produkte anderer Hersteller eingebunden werden:<br><a rel=\"noreferrer noopener\" href=\"https:\/\/library.smartgridready.ch\/Device\" target=\"_blank\">Zur \u00dcbersicht deklarierter Produkte nach SmartGridready<\/a><\/p>\n\n\n\n<figure class=\"wp-block-embed is-type-video is-provider-youtube wp-block-embed-youtube wp-embed-aspect-16-9 wp-has-aspect-ratio\"><div class=\"wp-block-embed__wrapper\">\n<iframe loading=\"lazy\" title=\"Eigenverbrauchsmanager Uebersicht\" width=\"525\" height=\"295\" src=\"https:\/\/www.youtube.com\/embed\/1bDLyZ9A2wE?feature=oembed\" frameborder=\"0\" allow=\"accelerometer; autoplay; clipboard-write; encrypted-media; gyroscope; picture-in-picture; web-share\" referrerpolicy=\"strict-origin-when-cross-origin\" allowfullscreen><\/iframe>\n<\/div><figcaption class=\"wp-element-caption\">Beispiel-Installation des Eigenverbrauchsmanagers in einem EFH als Nachr\u00fcstl\u00f6sung<\/figcaption><\/figure>\n\n\n\n<figure class=\"wp-block-embed is-type-video is-provider-youtube wp-block-embed-youtube wp-embed-aspect-16-9 wp-has-aspect-ratio\"><div class=\"wp-block-embed__wrapper\">\n<iframe loading=\"lazy\" title=\"Eigenverbrauchsmanager Dynamischer Stromtarif\" width=\"525\" height=\"295\" src=\"https:\/\/www.youtube.com\/embed\/uhw-1tJCt_4?feature=oembed\" frameborder=\"0\" allow=\"accelerometer; autoplay; clipboard-write; encrypted-media; gyroscope; picture-in-picture; web-share\" referrerpolicy=\"strict-origin-when-cross-origin\" allowfullscreen><\/iframe>\n<\/div><figcaption class=\"wp-element-caption\">Dynamische Stromtarife im Eigenverbrauchsmanager<\/figcaption><\/figure>\n\n\n\n<p><strong>Kurs Systemintegration Geb\u00e4ude und Mobilit\u00e4t<\/strong><br>Im Rahmend der Initiative &#8222;Energiesystem Geb\u00e4ude&amp;Mobilit\u00e4t&#8220; haben einen Kurs f\u00fcr Planer und Installateure zum vernetzten Denken bei der Systemintegration von Energiemanagementsystemen aufgebaut. Gerne geben wir unser langj\u00e4hriges Know-How weiter.<br><a rel=\"noreferrer noopener\" href=\"https:\/\/www.swissolar.ch\/de\/wissen\/solarenergie-kombiniert\/energiesystem-gebaeude-mobilitaet\" target=\"_blank\">Zur Initiative &#8222;Energiesystem Geb\u00e4ude&amp;Mobilit\u00e4t&#8220;<\/a><br><a href=\"https:\/\/www.swissolar.ch\/03_angebot\/bildung\/kurse\/kursbeschriebe_de\/systemintegration-von-energie-gebaude-mobilitat.pdf\">Zum Kursinhalt &#8222;Systemintegration&#8220;<\/a><br><a href=\"https:\/\/www.swissolar.ch\/de\/bildung\/swissolar-kurse\">Kommende Kurse bei Swissolar<\/a> <br>-&gt; Kurs &#8222;Systemintegration von Energie \u2013 Geb\u00e4ude &#8211; Mobilit\u00e4t&#8220;<\/p>\n\n\n\n<figure class=\"wp-block-image size-full\"><img loading=\"lazy\" decoding=\"async\" width=\"690\" height=\"477\" src=\"https:\/\/smart-energy-engineering.ch\/wp-content\/uploads\/2025\/10\/image-49.png\" alt=\"\" class=\"wp-image-1542\" srcset=\"https:\/\/smart-energy-engineering.ch\/wp-content\/uploads\/2025\/10\/image-49.png 690w, https:\/\/smart-energy-engineering.ch\/wp-content\/uploads\/2025\/10\/image-49-300x207.png 300w\" sizes=\"auto, (max-width: 690px) 100vw, 690px\" \/><\/figure>\n\n\n\n<figure class=\"wp-block-image size-full is-resized\"><img loading=\"lazy\" decoding=\"async\" src=\"https:\/\/smart-energy-engineering.ch\/wp-content\/uploads\/2025\/10\/image-50.png\" alt=\"\" class=\"wp-image-1543\" width=\"148\" height=\"33\"\/><\/figure>\n\n\n\n<p><strong>Planungsgrundlagen f\u00fcr W\u00e4rmepumpen, Photovoltaik und Elektromobilit\u00e4t<\/strong><\/p>\n\n\n\n<p>Im Auftrag von Energie Schweiz haben wir ausf\u00fchrliche Planungsgrundlagen f\u00fcr die Einbindung von W\u00e4rmepumpen und Elektromobilit\u00e4t in moderne Energiemanagementsysteme ausgearbeitet. Diese dienen als Basis f\u00fcr diverse Schulungen und sind frei zug\u00e4nglich: <\/p>\n\n\n\n<figure class=\"wp-block-image size-full\"><a href=\"https:\/\/smart-energy-engineering.ch\/wp-content\/uploads\/2023\/09\/10636-2023.07.02_Planungsgrundlagen-PV-WP-Emob_DE-publiziert.pdf\"><img loading=\"lazy\" decoding=\"async\" width=\"603\" height=\"851\" src=\"https:\/\/smart-energy-engineering.ch\/wp-content\/uploads\/2024\/05\/Planungsgrundlagen_Titelbild-1.png\" alt=\"\" class=\"wp-image-1323\" srcset=\"https:\/\/smart-energy-engineering.ch\/wp-content\/uploads\/2024\/05\/Planungsgrundlagen_Titelbild-1.png 603w, https:\/\/smart-energy-engineering.ch\/wp-content\/uploads\/2024\/05\/Planungsgrundlagen_Titelbild-1-213x300.png 213w\" sizes=\"auto, (max-width: 603px) 100vw, 603px\" \/><\/a><\/figure>\n\n\n\n<p><strong>Energieberechnungen f\u00fcr die Schweiz<\/strong><\/p>\n\n\n\n<p>Betrachten Sie meine neuesten Berechnungen zur vollst\u00e4ndigen Deckung des Schweizer Stromverbrauchs 2050 mit erneuerbaren Energien. Das Ziel ist eine sichere Stromversorgung ohne AKWs und Importabh\u00e4ngigkeit im Winter.<\/p>\n\n\n\n<figure class=\"wp-block-embed is-type-video is-provider-youtube wp-block-embed-youtube wp-embed-aspect-16-9 wp-has-aspect-ratio\"><div class=\"wp-block-embed__wrapper\">\n<iframe loading=\"lazy\" title=\"Energieberechnungen CH Update 2025\" width=\"525\" height=\"295\" src=\"https:\/\/www.youtube.com\/embed\/i3qRT7fcQAU?feature=oembed\" frameborder=\"0\" allow=\"accelerometer; autoplay; clipboard-write; encrypted-media; gyroscope; picture-in-picture; web-share\" referrerpolicy=\"strict-origin-when-cross-origin\" allowfullscreen><\/iframe>\n<\/div><figcaption class=\"wp-element-caption\">Video mit Update 2025<\/figcaption><\/figure>\n\n\n\n<figure class=\"wp-block-image size-large\"><a href=\"https:\/\/smart-energy-engineering.ch\/wp-content\/uploads\/2023\/05\/Studie_Deckung_Stromverbrauchs_CH_erneuerbar_Zogg_20230514_Kurzversion.pdf\"><img loading=\"lazy\" decoding=\"async\" width=\"1024\" height=\"578\" src=\"https:\/\/smart-energy-engineering.ch\/wp-content\/uploads\/2024\/05\/Studie_StromverbrauchCH_Titelseite-1024x578.png\" alt=\"\" class=\"wp-image-1324\" srcset=\"https:\/\/smart-energy-engineering.ch\/wp-content\/uploads\/2024\/05\/Studie_StromverbrauchCH_Titelseite-1024x578.png 1024w, https:\/\/smart-energy-engineering.ch\/wp-content\/uploads\/2024\/05\/Studie_StromverbrauchCH_Titelseite-300x169.png 300w, https:\/\/smart-energy-engineering.ch\/wp-content\/uploads\/2024\/05\/Studie_StromverbrauchCH_Titelseite-768x434.png 768w, https:\/\/smart-energy-engineering.ch\/wp-content\/uploads\/2024\/05\/Studie_StromverbrauchCH_Titelseite.png 1433w\" sizes=\"auto, (max-width: 706px) 89vw, (max-width: 767px) 82vw, 740px\" \/><\/a><figcaption class=\"wp-element-caption\">Vollst\u00e4ndige Studie 2024 zum Download<\/figcaption><\/figure>\n\n\n\n<p><strong>Minergie Monitoring<\/strong><\/p>\n\n\n\n<p>Wir haben beim Aufbau des <a href=\"https:\/\/www.minergie.ch\/de\/standards\/module\/monitoring\/\">Monitoring-Moduls<\/a> von MINERGIE mitgewirkt und bieten Schulungen in diesem Bereich an.<\/p>\n\n\n\n<figure class=\"wp-block-image size-large\"><a href=\"https:\/\/online.minergie.ch\/monitoringDemo\"><img loading=\"lazy\" decoding=\"async\" width=\"1024\" height=\"405\" src=\"https:\/\/smart-energy-engineering.ch\/wp-content\/uploads\/2024\/04\/MinergieMonitoring-1024x405.png\" alt=\"\" class=\"wp-image-1309\" srcset=\"https:\/\/smart-energy-engineering.ch\/wp-content\/uploads\/2024\/04\/MinergieMonitoring-1024x405.png 1024w, https:\/\/smart-energy-engineering.ch\/wp-content\/uploads\/2024\/04\/MinergieMonitoring-300x119.png 300w, https:\/\/smart-energy-engineering.ch\/wp-content\/uploads\/2024\/04\/MinergieMonitoring-768x303.png 768w, https:\/\/smart-energy-engineering.ch\/wp-content\/uploads\/2024\/04\/MinergieMonitoring.png 1521w\" sizes=\"auto, (max-width: 706px) 89vw, (max-width: 767px) 82vw, 740px\" \/><\/a><\/figure>\n\n\n\n<p><a href=\"https:\/\/www.minergie.ch\/de\/kurse\/agenda\/\">Zum MINERGIE Kursangebot<\/a><br>-&gt; Kurs &#8222;Kluge Stroml\u00f6sungen aus einer Hand&#8220;<\/p>\n\n\n\n<p><strong>Zusammenschl\u00fcsse zum Eigenverbrauch<\/strong><\/p>\n\n\n\n<p>Wenn Sie aktuelle Informationen zu ZEVs oder LEGs w\u00fcnschen, besuchen Sie unsere Kurse in diesem Bereich.<\/p>\n\n\n\n<figure class=\"wp-block-image size-full\"><img loading=\"lazy\" decoding=\"async\" width=\"764\" height=\"438\" src=\"https:\/\/smart-energy-engineering.ch\/wp-content\/uploads\/2025\/10\/image-53.png\" alt=\"\" class=\"wp-image-1551\" srcset=\"https:\/\/smart-energy-engineering.ch\/wp-content\/uploads\/2025\/10\/image-53.png 764w, https:\/\/smart-energy-engineering.ch\/wp-content\/uploads\/2025\/10\/image-53-300x172.png 300w\" sizes=\"auto, (max-width: 706px) 89vw, (max-width: 767px) 82vw, 740px\" \/><\/figure>\n\n\n\n<p><a rel=\"noreferrer noopener\" href=\"https:\/\/energie-cluster.ch\/kurse\/zusammenschluss-zum-eigenverbrauch\/\" target=\"_blank\">Zu den ZEV-Schulungen von energie-cluster.ch<\/a><\/p>\n\n\n\n<p><a href=\"https:\/\/eco2friendly.ch\/trainings\/\">Zu den Trainings von eco2friendly<\/a><br>-&gt;  ZEV-Kurs<\/p>\n\n\n\n<p><strong>SIA-Kurs zum Thema Energiesystem Geb\u00e4ude&amp;Mobilit\u00e4t:<\/strong><\/p>\n\n\n\n<p>Auch f\u00fcr den SIA (Schweizer Ingenieure und Architekten) f\u00fchren wir Kurse durch im Bereich &#8222;Energiesystem Geb\u00e4ude und Mobilit\u00e4t&#8220;, wo wir aus unseren Praxis-Erfahrung im Pilotprojekt M\u00f6riken-Wildegg berichten.<\/p>\n\n\n\n<figure class=\"wp-block-image size-large\"><a href=\"https:\/\/energiesystem-gebaeude-mobilitaet.events.sia.ch\/\"><img loading=\"lazy\" decoding=\"async\" width=\"1024\" height=\"587\" src=\"https:\/\/smart-energy-engineering.ch\/wp-content\/uploads\/2024\/02\/Energiesystem_Gebaeude_Mobilitaet-1024x587.jpg\" alt=\"\" class=\"wp-image-1136\" srcset=\"https:\/\/smart-energy-engineering.ch\/wp-content\/uploads\/2024\/02\/Energiesystem_Gebaeude_Mobilitaet-1024x587.jpg 1024w, https:\/\/smart-energy-engineering.ch\/wp-content\/uploads\/2024\/02\/Energiesystem_Gebaeude_Mobilitaet-300x172.jpg 300w, https:\/\/smart-energy-engineering.ch\/wp-content\/uploads\/2024\/02\/Energiesystem_Gebaeude_Mobilitaet-768x440.jpg 768w, https:\/\/smart-energy-engineering.ch\/wp-content\/uploads\/2024\/02\/Energiesystem_Gebaeude_Mobilitaet.jpg 1433w\" sizes=\"auto, (max-width: 706px) 89vw, (max-width: 767px) 82vw, 740px\" \/><\/a><\/figure>\n\n\n\n<p><a href=\"https:\/\/www.sia.ch\/de\/cms\/dienstleistungen\/siainformweiterbildung\">Zu den Schulungen von SIA inForm<\/a><\/p>\n","protected":false},"excerpt":{"rendered":"<p>Checkliste Eigenverbrauchsmanager F\u00fcllen Sie diese Checkliste aus, um ein Angebot zu erhalten Zu Smart Energy Home f\u00fcr Einfamilienh\u00e4user Zu Smart Energy Professional f\u00fcr Mehrfamilienh\u00e4user Maturaarbeit zu dynamischen Stromtarifen In der Maturaarbeit von Janno Siegenthaler wurde untersucht, wie sich die dynamischen Stromtarife auf die Wirtschaftlichkeit von Energiemanagementsystemen auswirken: Dabei konnte gezeigt werden, dass in einem zukunftsorientiertes &hellip; <\/p>\n<p class=\"link-more\"><a href=\"https:\/\/smart-energy-engineering.ch\/\" class=\"more-link\"><span class=\"screen-reader-text\">\u201eAktuell\u201c <\/span>weiterlesen<\/a><\/p>\n","protected":false},"author":2,"featured_media":0,"parent":0,"menu_order":0,"comment_status":"closed","ping_status":"closed","template":"","meta":{"footnotes":""},"class_list":["post-845","page","type-page","status-publish","hentry"],"jetpack_sharing_enabled":true,"_links":{"self":[{"href":"https:\/\/smart-energy-engineering.ch\/index.php?rest_route=\/wp\/v2\/pages\/845","targetHints":{"allow":["GET"]}}],"collection":[{"href":"https:\/\/smart-energy-engineering.ch\/index.php?rest_route=\/wp\/v2\/pages"}],"about":[{"href":"https:\/\/smart-energy-engineering.ch\/index.php?rest_route=\/wp\/v2\/types\/page"}],"author":[{"embeddable":true,"href":"https:\/\/smart-energy-engineering.ch\/index.php?rest_route=\/wp\/v2\/users\/2"}],"replies":[{"embeddable":true,"href":"https:\/\/smart-energy-engineering.ch\/index.php?rest_route=%2Fwp%2Fv2%2Fcomments&post=845"}],"version-history":[{"count":97,"href":"https:\/\/smart-energy-engineering.ch\/index.php?rest_route=\/wp\/v2\/pages\/845\/revisions"}],"predecessor-version":[{"id":1573,"href":"https:\/\/smart-energy-engineering.ch\/index.php?rest_route=\/wp\/v2\/pages\/845\/revisions\/1573"}],"wp:attachment":[{"href":"https:\/\/smart-energy-engineering.ch\/index.php?rest_route=%2Fwp%2Fv2%2Fmedia&parent=845"}],"curies":[{"name":"wp","href":"https:\/\/api.w.org\/{rel}","templated":true}]}}